{"id":71,"date":"2015-03-15T00:00:16","date_gmt":"2015-03-14T23:00:16","guid":{"rendered":"https:\/\/institutionnel.cceaf.fr\/?page_id=71"},"modified":"2026-04-14T15:30:47","modified_gmt":"2026-04-14T14:30:47","slug":"la-session","status":"publish","type":"page","link":"https:\/\/www.csecaf.fr\/?page_id=71","title":{"rendered":"Session"},"content":{"rendered":"<h4><strong>R\u00d4LE<br \/>\n<\/strong><\/h4>\n<div class=\"starlist tie-list-shortcode\">\n<ul>\n<li><strong>R\u00f4le d\u00e9cisionnel pour les activit\u00e9s sociales du CSE Central.<\/strong><\/li>\n<\/ul>\n<p>La session est un v\u00e9ritable organe moteur puisqu&rsquo;elle joue un r\u00f4le d\u00e9cisionnel dans les orientations strat\u00e9giques du CSE Central.<\/p>\n<ul>\n<li><strong>R\u00f4le consultatif pour les projets et les orientations strat\u00e9giques de l\u2019entreprise.<\/strong><\/li>\n<\/ul>\n<\/div>\n<p>M\u00eame si le vote n&rsquo;est que consultatif, il engage le CSE Central dans sa volont\u00e9 de soutenir ou de refuser un projet face \u00e0 la direction d&rsquo;Air France. Elle est consult\u00e9e sur les d\u00e9cisions concernant la marche g\u00e9n\u00e9rale de la compagnie : des \u00e9volutions \u00e9conomiques et sociales, des r\u00e9organisations, de l&#8217;emploi, de la formation, des conditions de travail&#8230;<\/p>\n<h4><strong>FONCTIONNEMENT<br \/>\n<\/strong><\/h4>\n<p>La session du CSE Central se r\u00e9unit r\u00e9guli\u00e8rement sous la pr\u00e9sidence du Directeur des ressources humaines d&rsquo;Air France. Elle se d\u00e9roule selon un ordre du jour arr\u00eat\u00e9 conjointement par le Pr\u00e9sident et le Secr\u00e9taire du CSE Central. Chaque point trait\u00e9 est g\u00e9n\u00e9ralement accompagn\u00e9 d\u2019un rapport (r\u00e9dig\u00e9 par la commission), distribu\u00e9 \u00e0 tous les participants. Apr\u00e8s d\u00e9bat, ce point peut \u00eatre soumis \u00e0 un vote consultatif o\u00f9 seuls les d\u00e9l\u00e9gu\u00e9s titulaires ont le droit d\u2019\u00e9mettre leur avis.<\/p>\n<p>La loi impose que la session du CSE Central se r\u00e9unisse au minimum 6 fois par an.<\/p>\n<h4><strong>COMPOSITION <\/strong>(14 titulaires et 14 suppl\u00e9ants)<\/h4>\n<table style=\"font-size: 12px;\" border=\"0\" width=\"100%\" cellspacing=\"0\" cellpadding=\"2\">\n<tbody>\n<tr>\n<td><strong>CSE<\/strong><\/td>\n<td><strong>TITULAIRES<\/strong><\/td>\n<td><strong>SUPPLEANTS<\/strong><\/td>\n<\/tr>\n<tr>\n<td><strong>Pilotage \u00c9conomique<\/strong><\/td>\n<td>\n<ul>\n<li>Fr\u00e9d\u00e9ric LABADIE (CFDT)<\/li>\n<li>V\u00e9ronique MAISONNEUVE (CFDT)<\/li>\n<\/ul>\n<\/td>\n<td>\n<ul>\n<li>\u00a0Eva PAGOT (sans \u00e9tiquette)<\/li>\n<li>\u00a0Eric JOBELLO (FO)<\/li>\n<\/ul>\n<\/td>\n<\/tr>\n<tr>\n<td><strong>Exploitation Hub<\/strong><\/td>\n<td>\n<ul>\n<li>Karim BELABBAS (FO)<\/li>\n<li>Rachid BOUADLA (FO)<\/li>\n<\/ul>\n<\/td>\n<td>\n<ul>\n<li>Sonia JARENO (FO)<\/li>\n<li>Fabrice JACQUIN (FO)<\/li>\n<\/ul>\n<\/td>\n<\/tr>\n<tr>\n<td><strong>Exploitation Court Courrier<br \/>\n<\/strong><\/td>\n<td>\n<ul>\n<li>Virginie LARROQUE (CGT)<\/li>\n<\/ul>\n<\/td>\n<td>\n<ul>\n<li>Karine CAZAUBON (CFE-CGC)<\/li>\n<\/ul>\n<\/td>\n<\/tr>\n<tr>\n<td><strong>Industriel<\/strong><\/td>\n<td style=\"text-align: left;\">\n<ul>\n<li>J\u00e9r\u00f4me BEAURAIN (UNSA)<\/li>\n<li>Laurent LUGOL (CFE-CGC)<\/li>\n<\/ul>\n<\/td>\n<td>\n<ul>\n<li>Olivier TRAN (UNSA)<\/li>\n<li>G\u00e9rald DANCIN (CFE-CGC)<\/li>\n<\/ul>\n<\/td>\n<\/tr>\n<tr>\n<td><strong>Air France Cargo<\/strong><\/td>\n<td>\n<ul>\n<li>Andr\u00e9 VILLENUEVA (CGT)<\/li>\n<\/ul>\n<\/td>\n<td>\n<ul>\n<li>Laurence DEMIGNE (CFE-CGC)<\/li>\n<\/ul>\n<\/td>\n<\/tr>\n<tr>\n<td><strong>Syst\u00e8me d\u2019Information<\/strong><\/td>\n<td>\n<ul>\n<li>Fabien LEDOUX (CFDT)<\/li>\n<\/ul>\n<\/td>\n<td>\n<ul>\n<li>Bruno REGEASSE (CFDT)<\/li>\n<\/ul>\n<\/td>\n<\/tr>\n<tr>\n<td><strong>Exploitation a\u00e9rienne<\/strong><\/td>\n<td>\n<ul>\n<li>Sandrine TECHER (SNPNC FO)<\/li>\n<li>Jean-Michel AUBRY (UNSA)<\/li>\n<li>Christophe POCQUET (UNPNC)<\/li>\n<li>Laurent VEQUE (SNPL)<\/li>\n<li>Christophe BARDIN (FO)<\/li>\n<\/ul>\n<\/td>\n<td>\n<ul>\n<li>J\u00e9r\u00f4me DEREUMETZ (SNPNC FO)<\/li>\n<li>St\u00e9phane CHAUSSON (UNSA)<\/li>\n<li>Jean-Charles UZEL (SNPL)<\/li>\n<li>Christelle CAZARRE (SNPNC FO)<\/li>\n<li>El Mahdi BOUKHELF (CFDT)<\/li>\n<\/ul>\n<\/td>\n<\/tr>\n<\/tbody>\n<\/table>\n<p>MAJ le 14\/04\/2026<\/p>\n","protected":false},"excerpt":{"rendered":"<p>R\u00d4LE M\u00eame si le vote n&rsquo;est que consultatif, il engage le CSE Central dans sa volont\u00e9 de soutenir ou de refuser un projet face \u00e0 la direction d&rsquo;Air France. Elle est consult\u00e9e sur les d\u00e9cisions concernant la marche g\u00e9n\u00e9rale de la compagnie : des \u00e9volutions \u00e9conomiques et sociales, des r\u00e9organisations, de l&#8217;emploi, de la formation, &hellip;<\/p>\n","protected":false},"author":9,"featured_media":2613,"parent":0,"menu_order":0,"comment_status":"closed","ping_status":"closed","template":"","meta":{"footnotes":""},"_links":{"self":[{"href":"https:\/\/www.csecaf.fr\/index.php?rest_route=\/wp\/v2\/pages\/71"}],"collection":[{"href":"https:\/\/www.csecaf.fr\/index.php?rest_route=\/wp\/v2\/pages"}],"about":[{"href":"https:\/\/www.csecaf.fr\/index.php?rest_route=\/wp\/v2\/types\/page"}],"author":[{"embeddable":true,"href":"https:\/\/www.csecaf.fr\/index.php?rest_route=\/wp\/v2\/users\/9"}],"replies":[{"embeddable":true,"href":"https:\/\/www.csecaf.fr\/index.php?rest_route=%2Fwp%2Fv2%2Fcomments&post=71"}],"version-history":[{"count":94,"href":"https:\/\/www.csecaf.fr\/index.php?rest_route=\/wp\/v2\/pages\/71\/revisions"}],"predecessor-version":[{"id":5725,"href":"https:\/\/www.csecaf.fr\/index.php?rest_route=\/wp\/v2\/pages\/71\/revisions\/5725"}],"wp:featuredmedia":[{"embeddable":true,"href":"https:\/\/www.csecaf.fr\/index.php?rest_route=\/wp\/v2\/media\/2613"}],"wp:attachment":[{"href":"https:\/\/www.csecaf.fr\/index.php?rest_route=%2Fwp%2Fv2%2Fmedia&parent=71"}],"curies":[{"name":"wp","href":"https:\/\/api.w.org\/{rel}","templated":true}]}}