{"id":69,"date":"2015-08-15T00:00:39","date_gmt":"2015-08-14T23:00:39","guid":{"rendered":"https:\/\/institutionnel.cceaf.fr\/?page_id=69"},"modified":"2024-01-26T15:51:37","modified_gmt":"2024-01-26T14:51:37","slug":"le-bureau","status":"publish","type":"page","link":"https:\/\/www.csecaf.fr\/?page_id=69","title":{"rendered":"Bureau"},"content":{"rendered":"<p>Dans ses pr\u00e9rogatives \u00e9conomiques, le Bureau a pour mission la pr\u00e9paration de la Session du CSEC en fonction de l\u2019ordre du jour fix\u00e9 conjointement avec le Pr\u00e9sident du CSEC, repr\u00e9sentant de l\u2019entreprise et le Secr\u00e9taire du CSEC.<\/p>\n<p><strong>Les prochaines \u00e9lections sont pr\u00e9vues en 2027.<br \/><\/strong><\/p>\n<p>La session du CSEC du jeudi 30 mars 2023 a proc\u00e9d\u00e9 \u00e0 l\u2019\u00e9lection du Bureau du CSEC Air France,\u00a0 il est compos\u00e9 de :<\/p>\n<table style=\"height: 131px;\" border=\"0\" width=\"1075\" cellspacing=\"0\" cellpadding=\"5\">\n<tbody>\n<tr>\n<td>\u00a0<\/td>\n<td>\u2022<strong> M.<\/strong> <strong>Fr\u00e9d\u00e9ric LABADIE<\/strong>, \u00e9lu au poste de Secr\u00e9taire (CFDT).<\/td>\n<\/tr>\n<tr>\n<td>\u00a0<\/td>\n<td>\u2022 <strong>Mme V\u00e9ronique MAISONNEUVE<\/strong>, \u00e9lue au poste de Secr\u00e9taire Adjointe (CFDT).<\/td>\n<\/tr>\n<tr>\n<td style=\"text-align: center;\">\u00a0<\/td>\n<td>\u2022 <strong>M. Fabien LEDOUX<\/strong>, \u00e9lu au poste de Tr\u00e9sorier (CFDT).<\/td>\n<\/tr>\n<tr>\n<td style=\"text-align: center;\">\u00a0<\/td>\n<td>\u2022\u00a0 Poste de Tr\u00e9sorier Adjoint (vacant).<\/td>\n<\/tr>\n<\/tbody>\n<\/table>\n\n\n<p>MAJ: 26\/01\/2024<\/p>\n","protected":false},"excerpt":{"rendered":"<p>Dans ses pr\u00e9rogatives \u00e9conomiques, le Bureau a pour mission la pr\u00e9paration de la Session du CSEC en fonction de l\u2019ordre du jour fix\u00e9 conjointement avec le Pr\u00e9sident du CSEC, repr\u00e9sentant de l\u2019entreprise et le Secr\u00e9taire du CSEC. Les prochaines \u00e9lections sont pr\u00e9vues en 2027. La session du CSEC du jeudi 30 mars 2023 a proc\u00e9d\u00e9 &hellip;<\/p>\n","protected":false},"author":9,"featured_media":0,"parent":0,"menu_order":0,"comment_status":"closed","ping_status":"closed","template":"","meta":{"footnotes":""},"_links":{"self":[{"href":"https:\/\/www.csecaf.fr\/index.php?rest_route=\/wp\/v2\/pages\/69"}],"collection":[{"href":"https:\/\/www.csecaf.fr\/index.php?rest_route=\/wp\/v2\/pages"}],"about":[{"href":"https:\/\/www.csecaf.fr\/index.php?rest_route=\/wp\/v2\/types\/page"}],"author":[{"embeddable":true,"href":"https:\/\/www.csecaf.fr\/index.php?rest_route=\/wp\/v2\/users\/9"}],"replies":[{"embeddable":true,"href":"https:\/\/www.csecaf.fr\/index.php?rest_route=%2Fwp%2Fv2%2Fcomments&post=69"}],"version-history":[{"count":59,"href":"https:\/\/www.csecaf.fr\/index.php?rest_route=\/wp\/v2\/pages\/69\/revisions"}],"predecessor-version":[{"id":5157,"href":"https:\/\/www.csecaf.fr\/index.php?rest_route=\/wp\/v2\/pages\/69\/revisions\/5157"}],"wp:attachment":[{"href":"https:\/\/www.csecaf.fr\/index.php?rest_route=%2Fwp%2Fv2%2Fmedia&parent=69"}],"curies":[{"name":"wp","href":"https:\/\/api.w.org\/{rel}","templated":true}]}}