{"id":5371,"date":"2025-04-03T07:01:32","date_gmt":"2025-04-03T06:01:32","guid":{"rendered":"https:\/\/www.csecaf.fr\/?page_id=5371"},"modified":"2025-04-03T07:33:50","modified_gmt":"2025-04-03T06:33:50","slug":"politique-de-confidentialite","status":"publish","type":"page","link":"https:\/\/www.csecaf.fr\/?page_id=5371","title":{"rendered":"Politique de confidentialit\u00e9"},"content":{"rendered":"\n<p class=\"has-black-color has-text-color\">L\u2019objet de la pr\u00e9sente politique est d\u2019informer les visiteurs du site web&nbsp;: https:\/\/www.csecaf.fr\/ (ci-apr\u00e8s d\u00e9nomm\u00e9 \u00ab&nbsp;le site web&nbsp;\u00bb ) de la mani\u00e8re dont les donn\u00e9es sont r\u00e9colt\u00e9es et trait\u00e9es par le responsable du traitement.<\/p>\n\n\n\n<p>Ce site r\u00e9alise des redirections vers le site Panorama aux adresses&nbsp;suivantes :<\/p>\n\n\n\n<ul>\n<li>Pour les demandes de contact\u00a0: <a href=\"https:\/\/panorama.csecaf.fr\/contact\">https:\/\/panorama.csecaf.fr\/contact<\/a><\/li>\n\n\n\n<li>Pour les formulaires de cr\u00e9ation de compte\u00a0: <a href=\"https:\/\/panorama.csecaf.fr\/activation-compte\">https:\/\/panorama.csecaf.fr\/activation-compte<\/a><\/li>\n\n\n\n<li>Pour l\u2019inscription \u00e0 la newsletter et les demandes de connexion\u00a0: <a href=\"https:\/\/panorama.csecaf.fr\/connexion\">https:\/\/panorama.csecaf.fr\/connexion<\/a><\/li>\n\n\n\n<li>Pour les enqu\u00eates de satisfaction\u00a0:\u00a0<a href=\"https:\/\/panorama.csecaf.fr\/connexion\">https:\/\/panorama.csecaf.fr\/connexion<\/a><\/li>\n<\/ul>\n\n\n\n<p>De plus, le site r\u00e9alise des redirections vers le site Talent Soft :<\/p>\n\n\n\n<ul>\n<li>Pour la gestion du recrutement\u00a0: <a href=\"https:\/\/cceairfrance-recrute.talent-soft.com\/accueil.aspx\">https:\/\/cceairfrance-recrute.talent-soft.com\/accueil.aspx<\/a><\/li>\n<\/ul>\n\n\n\n<p>Panorama est un site g\u00e9r\u00e9 par le CSEC d\u2019Air France pour les activit\u00e9s qui rel\u00e8vent de sa gestion, telles que les demandes de contact, les abonnements \u00e0 la newsletter, la cr\u00e9ation d\u2019un compte, les enqu\u00eates de satisfaction et pour les r\u00e9servations de s\u00e9jours.<\/p>\n\n\n\n<p>La pr\u00e9sente politique s\u2019inscrit dans le souhait du responsable du traitement, d\u2019agir en toute transparence, dans le respect de ses dispositions nationales et du r\u00e8glement (UE) 2016\/679 du Parlement europ\u00e9en et du Conseil du 27 avril 2016 relatif \u00e0 la protection des personnes physiques \u00e0 l\u2019\u00e9gard du traitement des donn\u00e9es \u00e0 caract\u00e8re personnel et \u00e0 la libre circulation de ces donn\u00e9es, et abrogeant la directive 95\/46\/CE.<\/p>\n\n\n\n<p>(Ci-apr\u00e8s d\u00e9nomm\u00e9 le \u00ab r\u00e8glement g\u00e9n\u00e9ral sur la protection des donn\u00e9es \u00bb).<\/p>\n\n\n\n<p>Le responsable du traitement porte une attention particuli\u00e8re \u00e0 la protection de la vie priv\u00e9e de ses utilisateurs et s\u2019engage par cons\u00e9quent \u00e0 prendre les pr\u00e9cautions raisonnables requises pour prot\u00e9ger les donn\u00e9es \u00e0 caract\u00e8re personnel r\u00e9colt\u00e9es contre la perte, le vol, la divulgation ou l\u2019utilisation non autoris\u00e9e.<\/p>\n\n\n\n<p>Les \u00ab&nbsp;donn\u00e9es \u00e0 caract\u00e8re personnel&nbsp;\u00bb sont d\u00e9finies comme toutes les donn\u00e9es \u00e0 caract\u00e8re personnel qui concernent l\u2019utilisateur, c\u2019est-\u00e0-dire toute information qui permet de l\u2019identifier directement ou indirectement en tant que personne physique.<\/p>\n\n\n\n<p>Si l\u2019utilisateur souhaite r\u00e9agir \u00e0 l&rsquo;une des pratiques d\u00e9crites ci-apr\u00e8s, il peut contacter le responsable de traitement \u00e0 l&rsquo;adresse postale ou \u00e0 l&rsquo;adresse email pr\u00e9cis\u00e9es au point \u00ab\u00a0donn\u00e9es de contact\u00a0\u00bb de la pr\u00e9sente Politique.&nbsp;<\/p>\n\n\n\n<p class=\"has-medium-font-size\"><strong>Quelles donn\u00e9es collectons-nous ?<\/strong><\/p>\n\n\n\n<p>Le responsable du traitement recueille et traite, selon les modalit\u00e9s et principes d\u00e9crits ci-apr\u00e8s, les donn\u00e9es \u00e0 caract\u00e8re personnel suivantes sur les utilisateurs:<\/p>\n\n\n\n<ul>\n<li>Son domaine (d\u00e9tect\u00e9 automatiquement par le serveur du responsable du traitement), y compris l\u2019adresse IP dynamique ;<\/li>\n\n\n\n<li>Les donn\u00e9es r\u00e9colt\u00e9es via le Formulaire de contact ;<\/li>\n\n\n\n<li>Les donn\u00e9es r\u00e9colt\u00e9es via le Formulaire de cr\u00e9ation de compte ;<\/li>\n\n\n\n<li>Les donn\u00e9es r\u00e9colt\u00e9es via la connexion \u00e0 la newsletter ;<\/li>\n\n\n\n<li>Les donn\u00e9es r\u00e9colt\u00e9es via la candidature spontan\u00e9e d\u2019un candidat ;<\/li>\n\n\n\n<li>L\u2019ensemble des informations concernant les pages que l\u2019utilisateur a consult\u00e9 sur le site.<\/li>\n<\/ul>\n\n\n\n<p>Il est possible que le responsable du traitement soit \u00e9galement amen\u00e9 \u00e0 r\u00e9colter des donn\u00e9es \u00e0 caract\u00e8re non personnel. Ces donn\u00e9es sont qualifi\u00e9es de donn\u00e9es \u00e0 caract\u00e8re non personnel car elles ne permettent pas d\u2019identifier directement ou indirectement une personne en particulier. Elles pourront d\u00e8s lors \u00eatre utilis\u00e9es \u00e0 quelques fins que ce soit, par exemple pour am\u00e9liorer le site web, les produits et services propos\u00e9s ou les publicit\u00e9s du responsable du traitement.<\/p>\n\n\n\n<p>Dans l\u2019hypoth\u00e8se o\u00f9 des donn\u00e9es \u00e0 caract\u00e8re non personnel seraient combin\u00e9es \u00e0 des donn\u00e9es \u00e0 caract\u00e8re personnel, de sorte qu\u2019une identification des personnes concern\u00e9es serait possible, ces donn\u00e9es seront trait\u00e9es comme des donn\u00e9es \u00e0 caract\u00e8re personnel jusqu\u2019\u00e0 ce que leur rapprochement avec une personne particuli\u00e8re soit rendu impossible.<\/p>\n\n\n\n<p class=\"has-medium-font-size\"><strong>M\u00e9thodes de collecte\/traitement<\/strong><\/p>\n\n\n\n<p>Le responsable du traitement peut traiter des donn\u00e9es \u00e0 caract\u00e8re personnel de la mani\u00e8re suivante :<\/p>\n\n\n\n<ul>\n<li>Formulaire de contact ;<\/li>\n\n\n\n<li>Formulaire pour la cr\u00e9ation d\u2019un compte\u00a0;<\/li>\n\n\n\n<li>L\u2019envoi de la newsletter\u00a0;<\/li>\n\n\n\n<li>La r\u00e9servation de s\u00e9jours de vacances\u00a0;<\/li>\n\n\n\n<li>La candidature spontan\u00e9e\u00a0d\u2019un candidat;<\/li>\n\n\n\n<li>Cookies.<\/li>\n<\/ul>\n\n\n\n<p class=\"has-medium-font-size\"><strong>Cat\u00e9gories des donn\u00e9es collect\u00e9es, finalit\u00e9s, bases l\u00e9gales du traitement et dur\u00e9e de conservation<\/strong><\/p>\n\n\n\n<p>Les donn\u00e9es \u00e0 caract\u00e8re personnel ne sont recueillies et trait\u00e9es qu\u2019aux seules fins mentionn\u00e9es ci-dessous :<\/p>\n\n\n\n<figure class=\"wp-block-table aligncenter is-style-stripes has-small-font-size\"><table><tbody><tr><td><strong>Traitement<\/strong><\/td><td><strong>Cat\u00e9gorie de donn\u00e9es<\/strong><\/td><td><strong>Finalit\u00e9s<\/strong><\/td><td><strong>Bases l\u00e9gales<\/strong><\/td><td><strong>Dur\u00e9e de conservation<\/strong><\/td><\/tr><tr><td><strong>Formulaire de contact pour les internautes <\/strong><a href=\"https:\/\/panorama.csecaf.fr\/contact\"><u>https:\/\/panorama.csecaf.fr\/contact<\/u><\/a><br><\/td><td>Donn\u00e9es de contact (adresse mail)<\/td><td>-r\u00e9pondre aux demandes de renseignement(s)<\/td><td>La base l\u00e9gale est l\u2019int\u00e9r\u00eat l\u00e9gitime \u00e0 savoir apporter une r\u00e9ponse aux personnes concern\u00e9s<\/td><td>&#8211; 3 ans \u00e0 compter du dernier contact avec l\u2019utilisateur. &#8211; Demande obligatoire \u00e0 l\u2019internaute pour prolonger de 3 ans la dur\u00e9e de conservation des donn\u00e9es collect\u00e9es.<\/td><\/tr><tr><td><strong>Formulaire de cr\u00e9ation de compte (<\/strong><a href=\"https:\/\/panorama.csecaf.fr\/activation-compte\"><u>https:\/\/panorama.csecaf.fr\/activation-compte<\/u><\/a><strong>)<\/strong><br><\/td><td>Donn\u00e9es de contact (adresse mail)<\/td><td>-La gestion du compte de l\u2019agent et la transmission aux partenaires commerciaux<br><\/td><td>La base l\u00e9gale est l\u2019ex\u00e9cution d\u2019un contrat.<\/td><td>Les donn\u00e9es sont conserv\u00e9es pendant la dur\u00e9e de la relation contractuelle.<\/td><\/tr><tr><td><strong>Connexion \u00e0 la newsletter(<\/strong><a href=\"https:\/\/panorama.csecaf.fr\/connexion\"><u><strong>Panoram@ &#8211; Connexion<\/strong><\/u><\/a><strong>)<\/strong><\/td><td>Donn\u00e9es professionnelles (matricule)<br>Donn\u00e9es de connexion (mot de passe)<br><\/td><td>-Envoi de la lettre d\u2019information aux personnes concern\u00e9es<\/td><td>La base l\u00e9gale repose sur l&rsquo;int\u00e9r\u00eat l\u00e9gitime lorsque la newsletter porte sur l&rsquo;actualit\u00e9 des s\u00e9jours ou qu\u2019elle traite d&rsquo;offres promotionnelles suite \u00e0 la r\u00e9servation d&rsquo;un s\u00e9jour.&nbsp;<br><br><\/td><td>Les donn\u00e9es sont conserv\u00e9es pendant une dur\u00e9e maximale de 3 ans \u00e0 compter du dernier contact avec l\u2019utilisateur. Pass\u00e9 ce d\u00e9lai, une demande sera obligatoirement adress\u00e9e \u00e0 l\u2019internaute afin de prolonger de 3 ans la dur\u00e9e de conservation des donn\u00e9es collect\u00e9es.<br><\/td><\/tr><tr><td><strong>Formulaire Panorama pour la gestion des vacances (<\/strong><a href=\"https:\/\/panorama.csecaf.fr\/connexion\"><u><strong>Panoram@ &#8211; Connexion<\/strong><\/u><\/a><strong>)<\/strong><\/td><td>Donn\u00e9es professionnelles (matricule)<br>Donn\u00e9es de connexion (mot de passe)<br><\/td><td>-Gestion des s\u00e9jours de vacance<\/td><td>La base l\u00e9gale est l\u2019int\u00e9r\u00eat l\u00e9gitime.<\/td><td>Les donn\u00e9es sont conserv\u00e9es durant 3 mois apr\u00e8s l\u2019aboutissement du processus de recrutement. L\u2019employeur peut conserver ces donn\u00e9es au-del\u00e0 du d\u00e9lai de 3 mois si la personne concern\u00e9e consent \u00e0 ce traitement.<\/td><\/tr><tr><td><strong>Cookies<\/strong><\/td><td>IP et donn\u00e9es de connexion<\/td><td>&#8211; fonctionnement du site &#8211; garder l\u2019utilisateur connect\u00e9 &#8211; analyse d\u2019audience &#8211; suivi de conversion<br><\/td><td>La base l\u00e9gale est le consentement pour les cookies non essentiels, pour les cookies essentielles la base l\u00e9gale est l\u2019int\u00e9r\u00eat l\u00e9gitime.<\/td><td>13 mois maximum<\/td><\/tr><tr><td><strong>Gestion du recrutement (<\/strong><a href=\"https:\/\/cceairfrance-recrute.talent-soft.com\/my-account\/log-in.aspx?ReturnUrl=\/mon-compte\/mon-fichier-cv.aspx#ancrecontenu\"><u><strong>https:\/\/cceairfrance-recrute.talent-soft.com\/my-account\/log-in.aspx?ReturnUrl=%2fmon-compte%2fmon-fichier-cv.aspx#ancrecontenu<\/strong><\/u><\/a><strong>)<\/strong><br><\/td><td>Pour la connexion \u00e0 l\u2019espace candidat&nbsp;: Donn\u00e9e de connexion (adresse mail et mot de passe)<br>Pour la cr\u00e9ation d\u2019un compte&nbsp;: donn\u00e9es de connexion (adresse mail et mot de passe, identifiant).<\/td><td>-la gestion du processus de recrutement des candidats au recrutement, -le suivi et le traitement des candidatures, -la gestion et le suivi des entretiens d\u2019embauche, -la constitution et le maintien de la CVth\u00e8que.<br><\/td><td>Les bases l\u00e9gales des traitements sont&nbsp;: -l\u2019ex\u00e9cution de mesures pr\u00e9contractuelles -la poursuite de l\u2019int\u00e9r\u00eat l\u00e9gitime du Responsable de traitement \u00e0 savoir la gestion du processus de recrutement.<\/td><td>2 ans apr\u00e8s le dernier contact avec le candidat sauf si le candidat s\u2019est oppos\u00e9 \u00e0 cette conservation.<\/td><\/tr><tr><td><strong>Gestion des questionnaires de satisfaction<\/strong> <strong>(<\/strong><a href=\"https:\/\/panorama.csecaf.fr\/connexion\"><strong>Panoram@ &#8211; Connexion<\/strong><\/a><strong>)<\/strong><\/td><td>Nom, pr\u00e9nom, matricule, date de s\u00e9jour, logement, formule propos\u00e9e, enfants, \u00e2ge des enfants, premi\u00e8re participation s\u00e9jour village, affectation au village&nbsp;<\/td><td>-recenser les envies, attentes ou d\u00e9ceptions des clients concernant une prestation de service,&nbsp; -obtenir des statistiques pour faire des restitutions aux fournisseurs des points \u00e0 am\u00e9liorer.<\/td><td>La base l\u00e9gale l\u2019int\u00e9r\u00eat l\u00e9gitime de CSEC Air France, \u00e0 savoir l\u2019am\u00e9lioration de l\u2019exp\u00e9rience client.&nbsp;<\/td><td>Les donn\u00e9es sont conserv\u00e9es pendant 1 an.&nbsp;<\/td><\/tr><\/tbody><\/table><figcaption class=\"wp-element-caption\"> <\/figcaption><\/figure>\n\n\n\n<p>Le responsable du traitement pourrait \u00eatre amen\u00e9 \u00e0 effectuer des traitements qui ne sont pas encore pr\u00e9vus dans la pr\u00e9sente Politique. Dans ce cas, il contactera l\u2019utilisateur avant de r\u00e9utiliser ses donn\u00e9es \u00e0 caract\u00e8re personnel, afin de lui faire conna\u00eetre les changements et lui donner la possibilit\u00e9, le cas \u00e9ch\u00e9ant, de refuser cette r\u00e9utilisation.<\/p>\n\n\n\n<p class=\"has-medium-font-size\"><strong>Destinataires des donn\u00e9es et divulgation \u00e0 des tiers<\/strong><\/p>\n\n\n\n<p><strong>Destinataires internes\u00a0:<\/strong><br>Les destinataires des donn\u00e9es sont uniquement les personnels habilit\u00e9s par le responsable de traitement \u00e0 traiter les donn\u00e9es personnelles.<\/p>\n\n\n\n<p><strong>Destinataires externes\u00a0:<\/strong><\/p>\n\n\n\n<figure class=\"wp-block-table is-style-stripes has-small-font-size\"><table><tbody><tr><td><strong>Tiers<\/strong><\/td><td><strong>Donn\u00e9es transmises<\/strong><\/td><\/tr><tr><td><strong>OVH<\/strong> (H\u00e9bergeur web)<\/td><td>Toutes les donn\u00e9es stock\u00e9es sur le serveur.&nbsp;<\/td><\/tr><\/tbody><\/table><\/figure>\n\n\n\n<p>Dans l\u2019hypoth\u00e8se o\u00f9 les donn\u00e9es seraient divulgu\u00e9es \u00e0 des tiers \u00e0 des fins de marketing direct ou de prospection commerciale, l\u2019utilisateur en sera pr\u00e9alablement inform\u00e9 de mani\u00e8re \u00e0 pouvoir choisir d\u2019accepter le transfert de ses donn\u00e9es \u00e0 des tiers.<br>D\u00e8s lors que ce transfert est bas\u00e9 sur le consentement de l\u2019utilisateur, celui-ci peut, \u00e0 tout moment, retirer son consentement pour cette finalit\u00e9 pr\u00e9cise.<\/p>\n\n\n\n<p>Le responsable du traitement respecte les dispositions l\u00e9gales et r\u00e8glementaires en vigueur et veillera dans tous les cas \u00e0 ce que ses partenaires, pr\u00e9pos\u00e9s, sous-traitants ou autres tiers ayant acc\u00e8s \u00e0 ces donn\u00e9es \u00e0 caract\u00e8re personnelles respectent la pr\u00e9sente Politique.<\/p>\n\n\n\n<p>Le responsable de traitement divulgue les donn\u00e9es \u00e0 caract\u00e8re personnel de l\u2019utilisateur dans l\u2019hypoth\u00e8se o\u00f9 une loi, une proc\u00e9dure judiciaire ou un ordre d\u2019une autorit\u00e9 publique rendrait cette divulgation n\u00e9cessaire.<\/p>\n\n\n\n<p class=\"has-medium-font-size\"><strong>Application des droits<\/strong><\/p>\n\n\n\n<p>Le responsable de traitement se r\u00e9serve le droit de v\u00e9rifier l\u2019identit\u00e9 de l\u2019utilisateur pour l\u2019application des droits repris ci-apr\u00e8s.<\/p>\n\n\n\n<p>Cette demande d\u2019information suppl\u00e9mentaire se fera dans un d\u00e9lai d\u2019un mois \u00e0 partir de l\u2019introduction de la demande par l\u2019utilisateur.<\/p>\n\n\n\n<p class=\"has-medium-font-size\"><strong>Acc\u00e8s aux donn\u00e9es et copie<\/strong><\/p>\n\n\n\n<p>L\u2019utilisateur peut obtenir gratuitement la communication \u00e9crite ou une copie des donn\u00e9es&nbsp;\u00e0 caract\u00e8re personnel le concernant qui ont \u00e9t\u00e9 recueillies.<\/p>\n\n\n\n<p>Le responsable du traitement peut exiger le paiement de frais raisonnables bas\u00e9s sur les co\u00fbts administratifs pour toute copie suppl\u00e9mentaire demand\u00e9e par l\u2019utilisateur.<br>Lorsque l\u2019utilisateur introduit cette demande par voie \u00e9lectronique, les informations sont fournies sous une forme \u00e9lectronique d&rsquo;usage courant, \u00e0 moins que l\u2019utilisateur ne demande qu&rsquo;il en soit autrement.<\/p>\n\n\n\n<p>Sauf exception pr\u00e9vue par le r\u00e8glement g\u00e9n\u00e9ral sur la protection des donn\u00e9es, la copie de ses donn\u00e9es sera communiqu\u00e9e \u00e0 l\u2019utilisateur au plus tard dans le mois apr\u00e8s la r\u00e9ception de la demande.<\/p>\n\n\n\n<p class=\"has-medium-font-size\"><strong>Droit de retrait du consentement<\/strong><\/p>\n\n\n\n<p>Pour tous les traitements fond\u00e9s sur le consentement, en l\u2019occurrence les cookies, la personne concern\u00e9e a le droit de retirer son consentement \u00e0 tout moment notamment directement en bas de mail.<\/p>\n\n\n\n<p class=\"has-medium-font-size\"><strong>Droit de rectification<\/strong><\/p>\n\n\n\n<p>L\u2019utilisateur peut obtenir gratuitement, dans les meilleurs d\u00e9lais et au plus tard dans un d\u00e9lai d\u2019un mois, la rectification de ses donn\u00e9es \u00e0 caract\u00e8re personnel qui seraient inexactes, incompl\u00e8tes ou non pertinentes, ainsi que les compl\u00e9ter si elles s\u2019av\u00e8rent incompl\u00e8tes.<\/p>\n\n\n\n<p>Sauf exception pr\u00e9vue par le r\u00e8glement g\u00e9n\u00e9ral sur la protection des donn\u00e9es, la demande d&rsquo;application du droit \u00e0 la rectification est trait\u00e9e dans le mois de l&rsquo;introduction de celle-ci.<\/p>\n\n\n\n<p class=\"has-medium-font-size\"><strong>Droit de s\u2019opposer au traitement<\/strong><\/p>\n\n\n\n<p>L\u2019utilisateur peut \u00e0 tout moment, pour des raisons tenant \u00e0 sa situation particuli\u00e8re, s\u2019opposer gratuitement au traitement de ses donn\u00e9es \u00e0 caract\u00e8re personnel, sauf lorsque :<\/p>\n\n\n\n<ul>\n<li>Le traitement est n\u00e9cessaire \u00e0 l&rsquo;ex\u00e9cution d&rsquo;une mission d&rsquo;int\u00e9r\u00eat public ou relevant de l&rsquo;exercice de l&rsquo;autorit\u00e9 publique dont serait investi le responsable du traitement ;<\/li>\n\n\n\n<li>Le traitement est n\u00e9cessaire aux fins des int\u00e9r\u00eats l\u00e9gitimes poursuivis par le responsable du traitement ou par un tiers, \u00e0 moins que ne pr\u00e9valent les int\u00e9r\u00eats ou les libert\u00e9s et droits fondamentaux de la personne concern\u00e9e qui exigent une protection des donn\u00e9es \u00e0 caract\u00e8re personnel (notamment lorsque la personne concern\u00e9e est un enfant).<\/li>\n<\/ul>\n\n\n\n<p>Le responsable du traitement pourra refuser de mettre en \u0153uvre le droit d\u2019opposition de l\u2019utilisateur lorsqu\u2019il \u00e9tablit l&rsquo;existence de motifs imp\u00e9rieux et l\u00e9gitimes justifiant le traitement, qui priment sur les int\u00e9r\u00eats ou les droits et les libert\u00e9s de l\u2019utilisateur, ou pour la constatation, l&rsquo;exercice ou la d\u00e9fense d&rsquo;un droit en justice. En cas de contestation, l\u2019utilisateur peut introduire un recours conform\u00e9ment au point \u00ab r\u00e9clamation et plainte \u00bb de la pr\u00e9sente Politique.<\/p>\n\n\n\n<p>L\u2019utilisateur peut \u00e9galement, \u00e0 tout moment, s\u2019opposer, sans justification et gratuitement, au traitement des donn\u00e9es \u00e0 caract\u00e8re personnel le concernant lorsque ses donn\u00e9es sont collect\u00e9es \u00e0 des fins de prospection commerciale (y compris un profilage).<\/p>\n\n\n\n<p>Lorsque des donn\u00e9es \u00e0 caract\u00e8re personnel sont trait\u00e9es \u00e0 des fins de recherche scientifique ou historique ou \u00e0 des fins statistiques conform\u00e9ment au r\u00e8glement g\u00e9n\u00e9ral sur la protection des donn\u00e9es, l\u2019utilisateur a le droit de s&rsquo;opposer, pour des raisons tenant \u00e0 sa situation particuli\u00e8re, au traitement de donn\u00e9es \u00e0 caract\u00e8re personnel le concernant, \u00e0 moins que le traitement ne soit n\u00e9cessaire \u00e0 l&rsquo;ex\u00e9cution d&rsquo;une mission d&rsquo;int\u00e9r\u00eat public.<\/p>\n\n\n\n<p>Sauf exception pr\u00e9vue par le r\u00e8glement g\u00e9n\u00e9ral sur la protection des donn\u00e9es, le responsable du traitement est tenu de r\u00e9pondre \u00e0 la demande de l\u2019utilisateur dans les meilleurs d\u00e9lais et au plus tard dans un d\u00e9lai d\u2019un mois et de motiver sa r\u00e9ponse lorsqu\u2019il a l\u2019intention de ne pas donner suite \u00e0 une telle demande.<\/p>\n\n\n\n<p class=\"has-medium-font-size\"><strong>Droit \u00e0 la limitation du traitement<\/strong><\/p>\n\n\n\n<p>L\u2019utilisateur peut obtenir la limitation du traitement de ses donn\u00e9es \u00e0 caract\u00e8re personnel dans les cas \u00e9num\u00e9r\u00e9s ci-apr\u00e8s :<\/p>\n\n\n\n<ul>\n<li>Lorsque l\u2019utilisateur conteste l\u2019exactitude d\u2019une donn\u00e9e et uniquement le temps que le responsable du traitement puisse contr\u00f4ler celle-ci ;<\/li>\n\n\n\n<li>Lorsque le traitement est illicite et que l\u2019utilisateur pr\u00e9f\u00e8re la limitation du traitement \u00e0 l\u2019effacement ;<\/li>\n\n\n\n<li>Lorsque, bien que n\u2019\u00e9tant plus n\u00e9cessaire \u00e0 la poursuite des finalit\u00e9s du traitement, l\u2019utilisateur en a besoin pour la constatation, l&rsquo;exercice ou la d\u00e9fense de ses droits en justice ;<\/li>\n\n\n\n<li>Pendant le temps n\u00e9cessaire \u00e0 l\u2019examen du caract\u00e8re fond\u00e9 d\u2019une demande d\u2019opposition introduite par l\u2019utilisateur, en d\u2019autres termes le temps que le responsable du traitement proc\u00e8de \u00e0 la v\u00e9rification de la balance des int\u00e9r\u00eats entre les int\u00e9r\u00eats l\u00e9gitimes du responsable du traitement et ceux de l\u2019utilisateur.<\/li>\n<\/ul>\n\n\n\n<p>Le responsable du traitement informera l\u2019utilisateur lorsque la limitation du traitement est lev\u00e9e.<\/p>\n\n\n\n<p class=\"has-medium-font-size\"><strong>Droit \u00e0 l\u2019effacement (droit \u00e0 l\u2019oubli)<\/strong><\/p>\n\n\n\n<ul>\n<li>L\u2019utilisateur peut obtenir l\u2019effacement des donn\u00e9es \u00e0 caract\u00e8re personnel le concernant, lorsque l\u2019un des motifs suivants s\u2019applique :<\/li>\n\n\n\n<li>Les donn\u00e9es ne sont plus n\u00e9cessaires au regard des finalit\u00e9s du traitement ;<\/li>\n\n\n\n<li>L\u2019utilisateur a retir\u00e9 son consentement \u00e0 ce que ses donn\u00e9es soient trait\u00e9es et il n&rsquo;existe pas d&rsquo;autre fondement juridique au traitement ;<\/li>\n\n\n\n<li>L\u2019utilisateur s&rsquo;oppose au traitement et il n&rsquo;existe pas de motif l\u00e9gitime imp\u00e9rieux pour le traitement et\/ou l\u2019utilisateur exerce son droit sp\u00e9cifique d\u2019opposition en mati\u00e8re de marketing direct (y compris le profilage) ;<\/li>\n\n\n\n<li>Les donn\u00e9es \u00e0 caract\u00e8re personnel ont fait l&rsquo;objet d&rsquo;un traitement illicite ;<\/li>\n\n\n\n<li>Les donn\u00e9es \u00e0 caract\u00e8re personnel doivent \u00eatre effac\u00e9es pour respecter une obligation l\u00e9gale (du droit de l&rsquo;Union ou du droit de l&rsquo;\u00c9tat membre) auquel le responsable du traitement est soumis ;<\/li>\n\n\n\n<li>Les donn\u00e9es \u00e0 caract\u00e8re personnel ont \u00e9t\u00e9 collect\u00e9es dans le cadre de l&rsquo;offre de services de la soci\u00e9t\u00e9 de l&rsquo;information qui s\u2019adressent aux enfants.<\/li>\n<\/ul>\n\n\n\n<p>L\u2019effacement des donn\u00e9es n\u2019est toutefois pas applicable dans les cas suivants :<\/p>\n\n\n\n<ul>\n<li>Lorsque le traitement est n\u00e9cessaire \u00e0 l&rsquo;exercice du droit \u00e0 la libert\u00e9 d&rsquo;expression et d&rsquo;information ;<\/li>\n\n\n\n<li>Lorsque le traitement est n\u00e9cessaire pour respecter une obligation l\u00e9gale qui requiert le traitement pr\u00e9vu par le droit de l&rsquo;Union ou par le droit de l&rsquo;\u00c9tat membre auquel le responsable du traitement est soumis, ou pour ex\u00e9cuter une mission d&rsquo;int\u00e9r\u00eat public ou relevant de l&rsquo;exercice de l&rsquo;autorit\u00e9 publique dont serait investi le responsable ;<\/li>\n\n\n\n<li>Lorsque le traitement est n\u00e9cessaire pour des motifs d&rsquo;int\u00e9r\u00eat public dans le domaine de la sant\u00e9 publique ;<\/li>\n\n\n\n<li>Lorsque le traitement est n\u00e9cessaire \u00e0 des fins archivistiques dans l&rsquo;int\u00e9r\u00eat public, \u00e0 des fins de recherche scientifique ou historique ou \u00e0 des fins statistiques et pour autant que le droit \u00e0 l\u2019effacement est susceptible de rendre impossible ou de compromettre gravement la r\u00e9alisation des objectifs du traitement en question ;<\/li>\n\n\n\n<li>Lorsque le traitement est n\u00e9cessaire \u00e0 la constatation, \u00e0 l&rsquo;exercice ou \u00e0 la d\u00e9fense de droits en justice.<\/li>\n<\/ul>\n\n\n\n<p>Sauf exception pr\u00e9vue par le r\u00e8glement g\u00e9n\u00e9ral sur la protection des donn\u00e9es, le responsable du traitement est tenu de r\u00e9pondre \u00e0 la demande de l\u2019utilisateur dans les meilleurs d\u00e9lais et au plus tard dans un d\u00e9lai d\u2019un mois et de motiver sa r\u00e9ponse lorsqu\u2019il a l\u2019intention de ne pas donner suite \u00e0 une telle demande.<\/p>\n\n\n\n<p class=\"has-medium-font-size\"><strong>Droit \u00e0 la \u00ab portabilit\u00e9 des donn\u00e9es \u00bb<\/strong><\/p>\n\n\n\n<p>L&rsquo;utilisateur peut \u00e0 tout moment, demander de recevoir gratuitement ses donn\u00e9es \u00e0 caract\u00e8re personnel dans un format structur\u00e9, couramment utilis\u00e9 et lisible par machine, en vue notamment de les transmettre \u00e0 un autre responsable du traitement, lorsque :<\/p>\n\n\n\n<ul>\n<li>Le traitement de donn\u00e9es est effectu\u00e9 \u00e0 l\u2019aide de proc\u00e9d\u00e9s automatis\u00e9s ; et lorsque<\/li>\n\n\n\n<li>Le traitement est fond\u00e9 sur le consentement de l\u2019utilisateur ou sur un contrat conclu entre ce dernier et le responsable du traitement.<\/li>\n<\/ul>\n\n\n\n<p>Dans les m\u00eames conditions et selon les m\u00eames modalit\u00e9s, l\u2019utilisateur a le droit d\u2019obtenir du responsable du traitement que les donn\u00e9es \u00e0 caract\u00e8re personnel le concernant soient transmises directement \u00e0 un autre responsable du traitement de donn\u00e9es \u00e0 caract\u00e8re personnel, pour autant que cela soit techniquement possible.<\/p>\n\n\n\n<p>Le droit \u00e0 la portabilit\u00e9 des donn\u00e9es ne s&rsquo;applique pas au traitement qui est n\u00e9cessaire \u00e0 l&rsquo;ex\u00e9cution d&rsquo;une mission d&rsquo;int\u00e9r\u00eat public ou relevant de l&rsquo;exercice de l&rsquo;autorit\u00e9 publique dont serait investi le responsable du traitement.<\/p>\n\n\n\n<p class=\"has-medium-font-size\"><strong>S\u00e9curit\u00e9<\/strong><\/p>\n\n\n\n<p>Le responsable du traitement met en \u0153uvre les mesures techniques et organisationnelles appropri\u00e9es afin de garantir un niveau de s\u00e9curit\u00e9 du traitement et des donn\u00e9es r\u00e9colt\u00e9es au regard des risques pr\u00e9sent\u00e9s par le traitement et de la nature des donn\u00e9es \u00e0 prot\u00e9ger, adapt\u00e9 au risque. Il tient compte de l&rsquo;\u00e9tat des connaissances, des co\u00fbts de mise en \u0153uvre et de la nature, de la port\u00e9e, du contexte et des finalit\u00e9s du traitement ainsi que des risques pour les droits et libert\u00e9s des utilisateurs.<\/p>\n\n\n\n<p>Le responsable du traitement a mis en place des mesures de s\u00e9curit\u00e9 appropri\u00e9es pour prot\u00e9ger et \u00e9viter la perte, l\u2019usage abusif ou l\u2019alt\u00e9ration des informations re\u00e7ues sur le site web.<br>Dans le cas o\u00f9 les donn\u00e9es \u00e0 caract\u00e8re personnel que le responsable de traitement contr\u00f4le devaient \u00eatre compromises, il agira rapidement afin d\u2019identifier la cause de cette violation et prendre les mesures de rem\u00e9diation ad\u00e9quates.<\/p>\n\n\n\n<p>Le responsable de traitement informe l\u2019utilisateur de cet incident si la loi l\u2019y oblige.<\/p>\n\n\n\n<p class=\"has-medium-font-size\"><strong>R\u00e9clamation et plainte<\/strong><\/p>\n\n\n\n<p>Si l\u2019utilisateur souhaite r\u00e9agir \u00e0 l&rsquo;une des pratiques d\u00e9crites dans la pr\u00e9sente Politique, il est conseill\u00e9 de contacter directement le responsable de traitement.<br>L\u2019utilisateur peut \u00e9galement introduire une r\u00e9clamation aupr\u00e8s de son autorit\u00e9 nationale de contr\u00f4le, vous pouvez adresser une r\u00e9clamation en ligne \u00e0 la CNIL ou par courrier postal&nbsp;:<\/p>\n\n\n\n<p><strong>Commission nationale de l&rsquo;informatique et des libert\u00e9s (CNIL)<\/strong><br>3 Place de Fontenoy<br>TSA 80715<br>75334 Paris cedex 07<br>T\u00e9l\u00a0: +33 1 53 73 22 22<\/p>\n\n\n\n<p>En outre, l\u2019utilisateur a la possibilit\u00e9 de porter plainte devant les juridictions nationales comp\u00e9tentes.<\/p>\n\n\n\n<p class=\"has-medium-font-size\"><strong>Donn\u00e9es de contact<\/strong><\/p>\n\n\n\n<p>Pour toute question et\/ou r\u00e9clamation, relatives \u00e0 la pr\u00e9sente Politique, l\u2019utilisateur peut contacter le responsable de traitement \u00e0 l\u2019adresse de courriel suivante&nbsp;: dpo@csecaf.fr ou par courrier postal \u00e0 l\u2019adresse :<\/p>\n\n\n\n<p>45, rue de Paris, b\u00e2timent P\u00e9gase 3e \u00e9tage &#8211; Ailes EST &amp; SUD &#8211; CS 12691 \u2013<br>95725 Roissy Ch. de Gaulle cedex<\/p>\n\n\n\n<p class=\"has-medium-font-size\"><strong>Modification<\/strong><\/p>\n\n\n\n<p>Le responsable du traitement se r\u00e9serve le droit de modifier \u00e0 tout moment les dispositions de la pr\u00e9sente Politique. Les modifications seront publi\u00e9es directement sur le site web du responsable de traitement.<\/p>\n\n\n\n<p class=\"has-medium-font-size\"><strong>Droit applicable et juridiction comp\u00e9tente<\/strong><\/p>\n\n\n\n<p>La pr\u00e9sente Politique est r\u00e9gie par le droit national du lieu d&rsquo;\u00e9tablissement principal du responsable du traitement.<\/p>\n\n\n\n<p>Tout litige relatif \u00e0 l\u2019interpr\u00e9tation ou l\u2019ex\u00e9cution de la pr\u00e9sente Politique sera soumis aux juridictions de ce droit national.<br>La pr\u00e9sente version de la Politique date du 06\/02\/2025.<\/p>\n","protected":false},"excerpt":{"rendered":"<p>L\u2019objet de la pr\u00e9sente politique est d\u2019informer les visiteurs du site web&nbsp;: https:\/\/www.csecaf.fr\/ (ci-apr\u00e8s d\u00e9nomm\u00e9 \u00ab&nbsp;le site web&nbsp;\u00bb ) de la mani\u00e8re dont les donn\u00e9es sont r\u00e9colt\u00e9es et trait\u00e9es par le responsable du traitement. Ce site r\u00e9alise des redirections vers le site Panorama aux adresses&nbsp;suivantes : Pour les demandes de contact\u00a0: https:\/\/panorama.csecaf.fr\/contact Pour les formulaires &hellip;<\/p>\n","protected":false},"author":9,"featured_media":0,"parent":0,"menu_order":0,"comment_status":"closed","ping_status":"closed","template":"","meta":{"footnotes":""},"_links":{"self":[{"href":"https:\/\/www.csecaf.fr\/index.php?rest_route=\/wp\/v2\/pages\/5371"}],"collection":[{"href":"https:\/\/www.csecaf.fr\/index.php?rest_route=\/wp\/v2\/pages"}],"about":[{"href":"https:\/\/www.csecaf.fr\/index.php?rest_route=\/wp\/v2\/types\/page"}],"author":[{"embeddable":true,"href":"https:\/\/www.csecaf.fr\/index.php?rest_route=\/wp\/v2\/users\/9"}],"replies":[{"embeddable":true,"href":"https:\/\/www.csecaf.fr\/index.php?rest_route=%2Fwp%2Fv2%2Fcomments&post=5371"}],"version-history":[{"count":18,"href":"https:\/\/www.csecaf.fr\/index.php?rest_route=\/wp\/v2\/pages\/5371\/revisions"}],"predecessor-version":[{"id":5398,"href":"https:\/\/www.csecaf.fr\/index.php?rest_route=\/wp\/v2\/pages\/5371\/revisions\/5398"}],"wp:attachment":[{"href":"https:\/\/www.csecaf.fr\/index.php?rest_route=%2Fwp%2Fv2%2Fmedia&parent=5371"}],"curies":[{"name":"wp","href":"https:\/\/api.w.org\/{rel}","templated":true}]}}