{"id":52,"date":"2015-08-15T00:00:02","date_gmt":"2015-08-14T23:00:02","guid":{"rendered":"https:\/\/institutionnel.cceaf.fr\/?page_id=52"},"modified":"2026-03-24T16:13:13","modified_gmt":"2026-03-24T15:13:13","slug":"fonctionnement","status":"publish","type":"page","link":"https:\/\/www.csecaf.fr\/?page_id=52","title":{"rendered":"Fonctionnement"},"content":{"rendered":"<h4><strong>Organisation des \u00e9lections<\/strong><\/h4>\n<p><strong>Tous les quatre ans, les agents Air France \u00e9lisent leurs repr\u00e9sentants dans l&rsquo;un des sept comit\u00e9s sociaux et \u00e9conomiques d\u2019\u00e9tablissement auquel ils sont rattach\u00e9s.<\/strong><\/p>\n<p>Le r\u00e9sultat de ces \u00e9lections d\u00e9termine par CSEE des d\u00e9l\u00e9gu\u00e9s titulaires et suppl\u00e9ants appartenant \u00e0 diverses organisations syndicales et segment\u00e9s en trois coll\u00e8ges (coll\u00e8ge 1 : employ\u00e9s et ouvriers &#8211; coll\u00e8ge 2 : ma\u00eetrise et techniciens &#8211; coll\u00e8ge 3 : cadres).<\/p>\n<p>Chacun des CSEE organise ensuite lors d&rsquo;une session de mise en place ses propres \u00e9lections pour nommer son Bureau et d\u00e9signer ses repr\u00e9sentants \u00e0 la Session du CSE Central qui, ensuite, proc\u00e8dent \u00e0 l\u2019\u00e9lection du Bureau du CSE Central lors de la Session de mise en place.<\/p>\n<p><a href=\"\/wp-content\/uploads\/2021\/04\/MiseAJour-schema-elections-CSEC-07_04_2021.jpg\"><img decoding=\"async\" loading=\"lazy\" class=\"aligncenter wp-image-4043 size-full\" src=\"\/wp-content\/uploads\/2021\/04\/MiseAJour-schema-elections-CSEC-07_04_2021.jpg\" alt=\"\" width=\"1148\" height=\"356\" srcset=\"\/wp-content\/uploads\/2021\/04\/MiseAJour-schema-elections-CSEC-07_04_2021.jpg 1148w, \/wp-content\/uploads\/2021\/04\/MiseAJour-schema-elections-CSEC-07_04_2021-300x93.jpg 300w, \/wp-content\/uploads\/2021\/04\/MiseAJour-schema-elections-CSEC-07_04_2021-768x238.jpg 768w, \/wp-content\/uploads\/2021\/04\/MiseAJour-schema-elections-CSEC-07_04_2021-1024x318.jpg 1024w\" sizes=\"(max-width: 1148px) 100vw, 1148px\" \/><\/a>* Le code du travail pr\u00e9cise que le CSE Central doit \u00eatre compos\u00e9 au plus de 25 titulaires et 25 suppl\u00e9ants.Lorsqu\u2019un titulaire du CSE Central cesse ses fonctions ou est absent, il est remplac\u00e9 par un \u00e9lu suppl\u00e9ant du CSE Central et prend part aux votes.<\/p>\n<p><strong>Organisation du CSE Central<br \/>\n<\/strong>Le comit\u00e9 social et \u00e9conomique central d&rsquo;Air France est structur\u00e9 comme une entreprise, avec une direction g\u00e9n\u00e9rale et des directions m\u00e9tiers. Le fonctionnement de ses services et des activit\u00e9s diverses mis en \u0153uvre exigent des moyens en personnel et en formation.<\/p>\n","protected":false},"excerpt":{"rendered":"<p>Organisation des \u00e9lections Tous les quatre ans, les agents Air France \u00e9lisent leurs repr\u00e9sentants dans l&rsquo;un des sept comit\u00e9s sociaux et \u00e9conomiques d\u2019\u00e9tablissement auquel ils sont rattach\u00e9s. Le r\u00e9sultat de ces \u00e9lections d\u00e9termine par CSEE des d\u00e9l\u00e9gu\u00e9s titulaires et suppl\u00e9ants appartenant \u00e0 diverses organisations syndicales et segment\u00e9s en trois coll\u00e8ges (coll\u00e8ge 1 : employ\u00e9s et &hellip;<\/p>\n","protected":false},"author":9,"featured_media":2394,"parent":0,"menu_order":0,"comment_status":"closed","ping_status":"closed","template":"","meta":{"footnotes":""},"_links":{"self":[{"href":"https:\/\/www.csecaf.fr\/index.php?rest_route=\/wp\/v2\/pages\/52"}],"collection":[{"href":"https:\/\/www.csecaf.fr\/index.php?rest_route=\/wp\/v2\/pages"}],"about":[{"href":"https:\/\/www.csecaf.fr\/index.php?rest_route=\/wp\/v2\/types\/page"}],"author":[{"embeddable":true,"href":"https:\/\/www.csecaf.fr\/index.php?rest_route=\/wp\/v2\/users\/9"}],"replies":[{"embeddable":true,"href":"https:\/\/www.csecaf.fr\/index.php?rest_route=%2Fwp%2Fv2%2Fcomments&post=52"}],"version-history":[{"count":55,"href":"https:\/\/www.csecaf.fr\/index.php?rest_route=\/wp\/v2\/pages\/52\/revisions"}],"predecessor-version":[{"id":5704,"href":"https:\/\/www.csecaf.fr\/index.php?rest_route=\/wp\/v2\/pages\/52\/revisions\/5704"}],"wp:featuredmedia":[{"embeddable":true,"href":"https:\/\/www.csecaf.fr\/index.php?rest_route=\/wp\/v2\/media\/2394"}],"wp:attachment":[{"href":"https:\/\/www.csecaf.fr\/index.php?rest_route=%2Fwp%2Fv2%2Fmedia&parent=52"}],"curies":[{"name":"wp","href":"https:\/\/api.w.org\/{rel}","templated":true}]}}