{"id":198,"date":"2015-08-15T00:00:27","date_gmt":"2015-08-14T23:00:27","guid":{"rendered":"https:\/\/institutionnel.cceaf.fr\/?page_id=198"},"modified":"2023-05-03T14:55:10","modified_gmt":"2023-05-03T13:55:10","slug":"saint-malo-ille-et-vilaine","status":"publish","type":"page","link":"https:\/\/www.csecaf.fr\/?page_id=198","title":{"rendered":"Saint-Malo (Ille-et-Vilaine)"},"content":{"rendered":"<table style=\"border: 0px;\" width=\"100%\" cellspacing=\"0\" cellpadding=\"0\">\n<tbody>\n<tr>\n<td><span style=\"color: #0284ab; font-size: 14px;\"><strong>A seulement 800 m du bord de la mer sur la c\u00f4te d\u2019Emeraude, le village d\u00e9tente de Saint-Malo rev\u00eat un caract\u00e8re unique. Entour\u00e9e d\u2019arbres centenaires, la propri\u00e9t\u00e9 se fond parfaitement dans une Bretagne rest\u00e9e sauvage et authentique, qui a su conserver intactes la puret\u00e9 et la force des paysages, \u00e0 l\u2019image de l\u2019ancienne malouini\u00e8re jouxtant les maisonnettes. Construites aux XVIIe et XVIIIe si\u00e8cles par les armateurs, ces malouini\u00e8res exhalent encore des parfums d\u2019aventures et d\u2019histoires maritimes. La proximit\u00e9 imm\u00e9diate de la c\u00e9l\u00e8bre cit\u00e9 corsaire s\u00e9duira assur\u00e9ment amoureux de traditions ancestrales et adeptes de l\u2019air du large.<\/strong><\/span><\/td>\n<td width=\"10%\"><\/td>\n<\/tr>\n<\/tbody>\n<\/table>\n<h4><strong>Les logements<\/strong><\/h4>\n<div class=\"starlist tie-list-shortcode\">\n<ul>\n<li>50 maisonnettes de 2, 4, 5, 6 et 8 lits (certaines avec mezzanine). S\u00e9jour, chambre (lit double), kitchenette, salle d\u2019eau, petite terrasse et TV dans les logements.<\/li>\n<li>Les \u00e9quipements sont adapt\u00e9s pour l\u2019accueil de personnes \u00e0 mobilit\u00e9 r\u00e9duite.<\/li>\n<\/ul>\n<p><strong>Capacit\u00e9 d\u2019accueil :<\/strong> 197 personnes pour une surperficie de 3,2 hectares.<br \/>\n<\/div>\n<h4><strong>Les formules de s\u00e9jour<\/strong><\/h4>\n<div class=\"starlist tie-list-shortcode\">\n<ul>\n<li>Formule en g\u00eete uniquement.<\/li>\n<\/ul>\n<\/div>\n<h4><strong>Infrastructures et loisirs<\/strong><\/h4>\n<div class=\"starlist tie-list-shortcode\">\n<ul>\n<li>Wifi dans tous les logements et lieux communs.<\/li>\n<li>TV dans tous les logements.<\/li>\n<li>Terrains multisports (tennis, ping-pong, p\u00e9tanque).<\/li>\n<li>Billard.<\/li>\n<li>Biblioth\u00e8que.<\/li>\n<\/ul>\n<\/div>\n<h4><strong>Acc\u00e8s<\/strong><\/h4>\n<div class=\"starlist tie-list-shortcode\">\n<ul>\n<li><strong>A\u00e9roport :<\/strong> Rennes.<\/li>\n<li><strong>TGV :<\/strong> Saint-Malo.<\/li>\n<\/ul>\n<\/div>\n<h4><strong>M\u00e9dias<\/strong><\/h4>\n<div class=\"starlist tie-list-shortcode\">\n<ul>\n<li><strong><a href=\"https:\/\/youtu.be\/JXlwaBldcS8\">Vid\u00e9o de pr\u00e9sentation<\/a><br \/>\n<\/strong><\/li>\n<li><strong><a href=\"https:\/\/skyzup.com\/360\/pro\/csecaf\/link\/63627d8b7383f\">Visite virtuelle 360\u00b0<\/a><br \/>\n<\/strong><\/li>\n<\/ul>\n<\/div>\n<p>Selon la saison, l\u2019\u00e9quipe du Village D\u00e9tente propose un programme d\u2019excursions dans la r\u00e9gion ainsi que de multiples activit\u00e9s. Pendant l&rsquo;\u00e9t\u00e9, un programme d\u2019animation est aussi propos\u00e9 \u00e0 l\u2019int\u00e9rieur du Village D\u00e9tente : soir\u00e9es dansantes, repas \u00e0 th\u00e8mes, jeux\u2026 \u00c0 vous d\u2019organiser votre s\u00e9jour en fonction de vos go\u00fbts et de vos envies.<\/p>\n<p><em>Les informations du site institutionnel n&rsquo;ont pas de valeurs contractuelles. Veuillez vous r\u00e9f\u00e9rer au programme sur <span class=\"highlight highlight-orange\"> <a style=\"color: #ffffff;\" href=\"https:\/\/panorama.cceaf.fr\" target=\"_blank\" rel=\"noopener\">\u00a0Panoram@\u00a0<\/a> <\/span>.<\/em><\/p>\n<p><iframe loading=\"lazy\" style=\"border: 0;\" src=\"https:\/\/www.google.com\/maps\/embed?pb=!1m18!1m12!1m3!1d2635.642428992094!2d-1.9855988000000002!3d48.6549553!2m3!1f0!2f0!3f0!3m2!1i1024!2i768!4f13.1!3m3!1m2!1s0x0%3A0x7ac214b456363592!2sCCE+Air+France!5e0!3m2!1sfr!2sfr!4v1440516531610\" width=\"600\" height=\"450\" frameborder=\"0\" allowfullscreen=\"allowfullscreen\"><\/iframe><\/p>\n","protected":false},"excerpt":{"rendered":"<p>A seulement 800 m du bord de la mer sur la c\u00f4te d\u2019Emeraude, le village d\u00e9tente de Saint-Malo rev\u00eat un caract\u00e8re unique. Entour\u00e9e d\u2019arbres centenaires, la propri\u00e9t\u00e9 se fond parfaitement dans une Bretagne rest\u00e9e sauvage et authentique, qui a su conserver intactes la puret\u00e9 et la force des paysages, \u00e0 l\u2019image de l\u2019ancienne malouini\u00e8re jouxtant &hellip;<\/p>\n","protected":false},"author":9,"featured_media":2143,"parent":173,"menu_order":0,"comment_status":"closed","ping_status":"closed","template":"","meta":{"footnotes":""},"_links":{"self":[{"href":"https:\/\/www.csecaf.fr\/index.php?rest_route=\/wp\/v2\/pages\/198"}],"collection":[{"href":"https:\/\/www.csecaf.fr\/index.php?rest_route=\/wp\/v2\/pages"}],"about":[{"href":"https:\/\/www.csecaf.fr\/index.php?rest_route=\/wp\/v2\/types\/page"}],"author":[{"embeddable":true,"href":"https:\/\/www.csecaf.fr\/index.php?rest_route=\/wp\/v2\/users\/9"}],"replies":[{"embeddable":true,"href":"https:\/\/www.csecaf.fr\/index.php?rest_route=%2Fwp%2Fv2%2Fcomments&post=198"}],"version-history":[{"count":31,"href":"https:\/\/www.csecaf.fr\/index.php?rest_route=\/wp\/v2\/pages\/198\/revisions"}],"predecessor-version":[{"id":4810,"href":"https:\/\/www.csecaf.fr\/index.php?rest_route=\/wp\/v2\/pages\/198\/revisions\/4810"}],"up":[{"embeddable":true,"href":"https:\/\/www.csecaf.fr\/index.php?rest_route=\/wp\/v2\/pages\/173"}],"wp:featuredmedia":[{"embeddable":true,"href":"https:\/\/www.csecaf.fr\/index.php?rest_route=\/wp\/v2\/media\/2143"}],"wp:attachment":[{"href":"https:\/\/www.csecaf.fr\/index.php?rest_route=%2Fwp%2Fv2%2Fmedia&parent=198"}],"curies":[{"name":"wp","href":"https:\/\/api.w.org\/{rel}","templated":true}]}}