{"id":1570,"date":"2015-08-15T00:00:37","date_gmt":"2015-08-14T23:00:37","guid":{"rendered":"https:\/\/institutionnel.cceaf.fr\/?page_id=1570"},"modified":"2023-12-29T10:09:42","modified_gmt":"2023-12-29T09:09:42","slug":"1570-2","status":"publish","type":"page","link":"https:\/\/www.csecaf.fr\/?page_id=1570","title":{"rendered":"Les vacances avec le CSEC"},"content":{"rendered":"<p><strong>Deux fois par an, \u00e0 l\u2019occasion du lancement des vacances \u00ab Hiver-Printemps \u00bb et \u00ab Et\u00e9-Automne \u00bb, les agents Air France, leurs enfants et ayants droit peuvent s\u2019inscrire aux s\u00e9jours subventionn\u00e9s, mais aussi \u00e0 un large panel de s\u00e9jours n\u00e9goci\u00e9s (en stock) ou \u00e0 la demande sur le site d\u00e9di\u00e9, Panoram@. Les inscriptions sont ensuite ouvertes pendant une p\u00e9riode \u00e0 laquelle succ\u00e8dent les affectations. Le CSEC AF envoie aux agents Air France une r\u00e9ponse confirmant leur choix ou leur proposant une offre \u00e9quivalente.<br \/>L\u2019offre sur Panoram@ est large et vari\u00e9e. Elle va des s\u00e9jours subventionn\u00e9s, \u00e0 des offres partenaires, en passant par des s\u00e9jours \u00e0 la carte ou encore des promotions ponctuelles dans les villages du CSEC AF ou chez ses partenaires\/fournisseurs.<br \/>Afin de recevoir les informations des activit\u00e9s du CSEC, les agents Air France sont invit\u00e9s \u00e0 s\u2019inscrire aux newsletters. 32 500 d\u2019entre-eux l\u2019ont d\u00e9j\u00e0 fait.\u00a0<a class=\"c-link\" href=\"http:\/\/panorama.cceaf.fr\/\" target=\"_blank\" rel=\"noopener noreferrer\" data-stringify-link=\"http:\/\/panorama.cceaf.fr\" data-sk=\"tooltip_parent\">RdV sur Panoram@<\/a>, pour vous inscrire.<\/strong><\/p>\n\n\n<h4 class=\"wp-block-heading\"><strong>VILLAGES DETENTE<\/strong><br>Mabouya, S\u00e9o &amp; Hibiscus (DOM) &#8211; Les Voiles de Saint-Malo, Penne-du-Tarn &amp; Bonnieux (M\u00e9tropole)<\/h4>\n\n\n\n<p><strong>Que ce soit dans les DOM avec nos trois villages d\u00e9tente de Martinique, Guadeloupe et sur l\u2019\u00cele de<br>la R\u00e9union ou dans la France m\u00e9tropolitaine avec nos villages de Saint-Malo, Penne du Tarn, Beuil<br>et Bonnieux, la France est belle et g\u00e9n\u00e9reuse. Pour un wend, une semaine ou plus, en escale \u00e0 la<br>nuit\u00e9e, petits coins de d\u00e9tente au vert vous accueillent pour une pause bien m\u00e9rit\u00e9e avec la nature<br>pour d\u00e9cors.<\/strong><br>Les villages d\u00e9tente ont pour particularit\u00e9 de proposer uniquement des formules en g\u00eetes. Les<br>affectations sont imm\u00e9diates.<\/p>\n\n\n\n<h4 class=\"wp-block-heading\"><strong>VILLAGES VACANCES<\/strong><br>Les Terrasses de Gassin (Croix-Valmer), Les Bleus de l&rsquo;Oc\u00e9an (St-Georges-de-Didonne) <\/h4>\n\n\n\n<p><strong>Des vacances aux accents proven\u00e7ales du Sud de la France \u00e0 celles vivifiantes de la pin\u00e8de sur la<br>c\u00f4te Atlantique, nos deux villages vacances, Gassin (Var) et Les bleus de l\u2019Oc\u00e9an (Saint-Georges-de-Didonne) invitent \u00e0 des s\u00e9jours au grand air. En famille ou entre amis, c\u2019est l\u2019occasion de passer desmoments conviviaux dans un village du CSEC Air France.<\/strong><br>Gassin propose 4 types de logements : en appartement, en style h\u00f4tel, en camping et en g\u00eete nature<br>avec la possibilit\u00e9 d\u2019une restauration selon saison.<br>Les Bleus de l\u2019Oc\u00e9an propose des mobil-homes \u00e0 la fois modernes, confortables et respectueuse de<br>l\u2019environnement avec la possibilit\u00e9 d\u2019une restauration selon saison.<\/p>\n\n\n\n<h4 class=\"wp-block-heading\"><strong>VILLAGES JEUNES<\/strong><br>Air Pins\/Mios, Bonnieux, Penne-du-Tarn, Saint-Pons<\/h4>\n\n\n\n<p>Bien grandir au grand air&#8230; Dans des cadres somptueux au c\u0153ur de la nature, nos villages de<br>vacances Jeunes se plient en huit pour accueillir ses petits vacanciers. Adapt\u00e9s en fonction de l\u2019\u00e2ge<br>des enfants, ils deviennent leur \u00ab sweet home \u00bb le temps des cong\u00e9s scolaires.<br>Tous les villages disposent d\u2019infrastructures adapt\u00e9es, certifi\u00e9es, le tout dans un environnement<br>soigneusement \u00e9tudi\u00e9 pour qu\u2019ils puissent \u00e9voluer en toute s\u00e9r\u00e9nit\u00e9.<\/p>\n\n\n\n<p><\/p>\n\n\n\n<h2 class=\"wp-block-heading\">Visiter le patrimoine du CSEC Air France<\/h2>\n\n\n\n<p><strong>Visionnez les vid\u00e9os de pr\u00e9sentation<\/strong> :<br>Youtube officielle : <a rel=\"noreferrer noopener\" href=\"https:\/\/www.youtube.com\/@csecentraldairfrance5735\" target=\"_blank\">https:\/\/www.youtube.com\/@csecentraldairfrance5735<\/a><a rel=\"noreferrer noopener\" href=\"https:\/\/youtu.be\/zAbxLYESEuc\" target=\"_blank\"><br><\/a><br><strong>Visites virtuelles 360\u00b0 <\/strong><\/p>\n\n\n\n<ul>\n<li>Les Terrasses de Gassin &#8211; (Var) &#8211; <a rel=\"noreferrer noopener\" href=\"https:\/\/patrimoine-vr.csecaf.fr\/link\/658ad60478e13\" target=\"_blank\">https:\/\/patrimoine-vr.csecaf.fr\/link\/658ad60478e13<\/a><\/li>\n\n\n\n<li>Les Bleus de l&rsquo;Oc\u00e9an &#8211; (Charente-Maritime) &#8211;&nbsp;<a rel=\"noreferrer noopener\" href=\"https:\/\/patrimoine-vr.csecaf.fr\/link\/658ad643437df\" target=\"_blank\">https:\/\/patrimoine-vr.csecaf.fr\/link\/658ad643437df<\/a><\/li>\n\n\n\n<li>Les Voiles de Saint-Malo &#8211; (Ille-et-Villaine) &#8211;&nbsp;<a rel=\"noreferrer noopener\" href=\"https:\/\/patrimoine-vr.csecaf.fr\/link\/658ad66d9b86d\" target=\"_blank\">https:\/\/patrimoine-vr.csecaf.fr\/link\/658ad66d9b86d<\/a><\/li>\n\n\n\n<li>Le Mabouya &#8211; (Martinique) &#8211;&nbsp;<a rel=\"noreferrer noopener\" href=\"https:\/\/patrimoine-vr.csecaf.fr\/link\/658ad74c0ea72\" target=\"_blank\">https:\/\/patrimoine-vr.csecaf.fr\/link\/658ad74c0ea72<\/a><\/li>\n\n\n\n<li>S\u00e9o &#8211; (Guadeloupe) &#8211; <a rel=\"noreferrer noopener\" href=\"https:\/\/patrimoine-vr.csecaf.fr\/link\/658ad8f0dc4bb\" target=\"_blank\">https:\/\/patrimoine-vr.csecaf.fr\/link\/658ad8f0dc4bb<\/a><\/li>\n\n\n\n<li>L&rsquo;Hibiscus &#8211; (Ile de la R\u00e9union) &#8211;&nbsp;<a rel=\"noreferrer noopener\" href=\"https:\/\/patrimoine-vr.csecaf.fr\/link\/658ad91498062\" target=\"_blank\">https:\/\/patrimoine-vr.csecaf.fr\/link\/658ad91498062<\/a><\/li>\n\n\n\n<li>Beuil :&nbsp;<a rel=\"noreferrer noopener\" href=\"https:\/\/patrimoine-vr.csecaf.fr\/link\/658ad963ee87b\" target=\"_blank\">https:\/\/patrimoine-vr.csecaf.fr\/link\/658ad963ee87b<\/a><\/li>\n\n\n\n<li>Air Pins :&nbsp;<a rel=\"noreferrer noopener\" href=\"https:\/\/patrimoine-vr.csecaf.fr\/link\/658ad984b0d76\" target=\"_blank\">https:\/\/patrimoine-vr.csecaf.fr\/link\/658ad984b0d76<\/a><\/li>\n\n\n\n<li>Mios :&nbsp;<a rel=\"noreferrer noopener\" href=\"https:\/\/patrimoine-vr.csecaf.fr\/link\/658ad9a0adc6b\" target=\"_blank\">https:\/\/patrimoine-vr.csecaf.fr\/link\/658ad9a0adc6b<\/a><\/li>\n\n\n\n<li>Bonnieux :&nbsp;<a rel=\"noreferrer noopener\" href=\"https:\/\/patrimoine-vr.csecaf.fr\/link\/658ad9bd96929\" target=\"_blank\">https:\/\/patrimoine-vr.csecaf.fr\/link\/658ad9bd96929<\/a><\/li>\n\n\n\n<li>Penne Adultes :&nbsp;<a rel=\"noreferrer noopener\" href=\"https:\/\/patrimoine-vr.csecaf.fr\/link\/658ad9e695ad1\" target=\"_blank\">https:\/\/patrimoine-vr.csecaf.fr\/link\/658ad9e695ad1<\/a><\/li>\n\n\n\n<li>Penne Enfants :&nbsp;<a rel=\"noreferrer noopener\" href=\"https:\/\/patrimoine-vr.csecaf.fr\/link\/658ada11c33c3\" target=\"_blank\">https:\/\/patrimoine-vr.csecaf.fr\/link\/658ada11c33c3<\/a><\/li>\n\n\n\n<li>Saint-Pons hiver :&nbsp;<a rel=\"noreferrer noopener\" href=\"https:\/\/patrimoine-vr.csecaf.fr\/link\/658ada3929f98\" target=\"_blank\">https:\/\/patrimoine-vr.csecaf.fr\/link\/658ada3929f98<\/a><\/li>\n\n\n\n<li>Saint-Pons \u00e9t\u00e9 :&nbsp;<a rel=\"noreferrer noopener\" href=\"https:\/\/patrimoine-vr.csecaf.fr\/link\/658ada67eb770\" target=\"_blank\">https:\/\/patrimoine-vr.csecaf.fr\/link\/658ada67eb770<\/a><\/li>\n<\/ul>\n","protected":false},"excerpt":{"rendered":"<p>Deux fois par an, \u00e0 l\u2019occasion du lancement des vacances \u00ab Hiver-Printemps \u00bb et \u00ab Et\u00e9-Automne \u00bb, les agents Air France, leurs enfants et ayants droit peuvent s\u2019inscrire aux s\u00e9jours subventionn\u00e9s, mais aussi \u00e0 un large panel de s\u00e9jours n\u00e9goci\u00e9s (en stock) ou \u00e0 la demande sur le site d\u00e9di\u00e9, Panoram@. Les inscriptions sont ensuite &hellip;<\/p>\n","protected":false},"author":9,"featured_media":4498,"parent":0,"menu_order":0,"comment_status":"closed","ping_status":"closed","template":"","meta":{"footnotes":""},"_links":{"self":[{"href":"https:\/\/www.csecaf.fr\/index.php?rest_route=\/wp\/v2\/pages\/1570"}],"collection":[{"href":"https:\/\/www.csecaf.fr\/index.php?rest_route=\/wp\/v2\/pages"}],"about":[{"href":"https:\/\/www.csecaf.fr\/index.php?rest_route=\/wp\/v2\/types\/page"}],"author":[{"embeddable":true,"href":"https:\/\/www.csecaf.fr\/index.php?rest_route=\/wp\/v2\/users\/9"}],"replies":[{"embeddable":true,"href":"https:\/\/www.csecaf.fr\/index.php?rest_route=%2Fwp%2Fv2%2Fcomments&post=1570"}],"version-history":[{"count":31,"href":"https:\/\/www.csecaf.fr\/index.php?rest_route=\/wp\/v2\/pages\/1570\/revisions"}],"predecessor-version":[{"id":5141,"href":"https:\/\/www.csecaf.fr\/index.php?rest_route=\/wp\/v2\/pages\/1570\/revisions\/5141"}],"wp:featuredmedia":[{"embeddable":true,"href":"https:\/\/www.csecaf.fr\/index.php?rest_route=\/wp\/v2\/media\/4498"}],"wp:attachment":[{"href":"https:\/\/www.csecaf.fr\/index.php?rest_route=%2Fwp%2Fv2%2Fmedia&parent=1570"}],"curies":[{"name":"wp","href":"https:\/\/api.w.org\/{rel}","templated":true}]}}